{"id":2,"date":"2019-02-27T14:09:16","date_gmt":"2019-02-27T13:09:16","guid":{"rendered":"http:\/\/mts.polsl.pl\/?page_id=2"},"modified":"2022-05-30T10:57:14","modified_gmt":"2022-05-30T08:57:14","slug":"strona-glowna","status":"publish","type":"page","link":"https:\/\/mts.polsl.pl\/pl\/","title":{"rendered":"Strona g\u0142\u00f3wna"},"content":{"rendered":"\n12-15 czerwca 2022\n\n\n\n<p> Crystal Mountain***** Hotel, Wis\u0142a, Poland<\/p>\n\n\n\n<p>\u015al\u0105skie Jednostki Naukowe:<\/p>\n\n\n\n<ul><li><strong>Katedra Materia\u0142\u00f3w In\u017cynierskich i Biomedycznych, Wydzia\u0142 Mechaniczny Technologiczny Politechnika \u015al\u0105ska, Gliwice,<\/strong><\/li><li><strong>Katedra Technologii Materia\u0142owych, Wydzia\u0142 In\u017cynierii Materia\u0142owej, Politechnika \u015al\u0105ska, Katowice,<\/strong> <\/li><li><strong>Sie\u0107 Badawcza \u0141ukasiewicz \u2013 Instytut Metali Nie\u017celaznych, Gliwice,<\/strong> <\/li><li> <strong>Sie\u0107 Badawcza \u0141ukasiewicz \u2013 Instytut Metalurgii \u017belaza im. Stanis\u0142awa Staszica, Gliwice<\/strong> <\/li><li><strong>Sie\u0107 Badawcza \u0141ukasiewicz \u2013 Instytut Spawalnictwa, Gliwice<\/strong><\/li><\/ul>\n\n\n\n<p>oraz <strong>Stowarzyszenie Wychowank\u00f3w Politechniki \u015al\u0105skiej, Ko\u0142o In\u017cynierii Materia\u0142owej przy Oddziale Wydzia\u0142u Mechanicznego Technologicznego<\/strong>, maja zaszczyt zaprosi\u0107 na konferencj\u0119 naukow\u0105<\/p>\n\n\n\n<p style=\"text-align:center\"><strong>MATERIAL TECHNOLOGIES IN SILESIA\u20192022.<\/strong><\/p>\n\n\n\n<p><strong>Konferencja MATERIAL TECHNOLOGIES IN SILESIA\u20192022<\/strong>&nbsp;ma na celu zintegrowanie \u015brodowiska naukowego i przemys\u0142owego jak r\u00f3wnie\u017c m\u0142odej kadry \u015bl\u0105skich o\u015brodk\u00f3w naukowych zajmuj\u0105cych si\u0119 tematyk\u0105 dotycz\u0105c\u0105 technologii materia\u0142owych.&nbsp;<br>B\u0119dzie to miejsce daj\u0105ce mo\u017cliwo\u015b\u0107 wymiany do\u015bwiadcze\u0144, wiedzy, umiej\u0119tno\u015bci oraz prezentacji dotychczasowego dorobku naukowego, najnowszych rozwi\u0105za\u0144 technologii materia\u0142owych, projekt\u00f3w prowadzonych z przemys\u0142em, projekt\u00f3w realizowanych w ramach Program\u00f3w Operacyjnych Inteligentny Rozw\u00f3j i innych. Wa\u017cnym elementem konferencji b\u0119dzie dyskusja nad zagadnieniem planowania jako\u015bci wyrob\u00f3w i technologii wytwarzania, in\u017cynierii jako\u015bci proces\u00f3w wytw\u00f3rczych, technologicznych aspekt\u00f3w jako\u015bci w tym miedzy innymi: materia\u0142u, konstrukcji, produktu, jako\u015bci bada\u0144 laboratoryjnych, zarz\u0105dzania jako\u015bci\u0105 wyrob\u00f3w i proces\u00f3w, w tym r\u00f3wnie\u017c w zakresie bada\u0144 i rozwoju.<br>Konferencja b\u0119dzie inicjowa\u0107 dyskusj\u0119 na temat koordynacji bada\u0144 i wdro\u017ce\u0144 technologii materia\u0142owych najbardziej istotnych gospodarczo oraz systemu kszta\u0142cenia dualnego i oczekiwa\u0144 przemys\u0142u w stosunku do wsp\u00f3\u0142czesnego absolwenta uczelni technicznych.<\/p>\n\n\n\n<p><\/p>\n\n\n\n<p><\/p>\n","protected":false},"excerpt":{"rendered":"<p>12-15 czerwca 2022 Crystal Mountain***** Hotel, Wis\u0142a, Poland \u015al\u0105skie Jednostki Naukowe: Katedra Materia\u0142\u00f3w In\u017cynierskich i Biomedycznych, Wydzia\u0142 Mechaniczny Technologiczny Politechnika \u015al\u0105ska, Gliwice, Katedra Technologii Materia\u0142owych,&hellip;<\/p>\n","protected":false},"author":1,"featured_media":0,"parent":0,"menu_order":0,"comment_status":"closed","ping_status":"closed","template":"","meta":{"footnotes":""},"_links":{"self":[{"href":"https:\/\/mts.polsl.pl\/pl\/index.php?rest_route=\/wp\/v2\/pages\/2"}],"collection":[{"href":"https:\/\/mts.polsl.pl\/pl\/index.php?rest_route=\/wp\/v2\/pages"}],"about":[{"href":"https:\/\/mts.polsl.pl\/pl\/index.php?rest_route=\/wp\/v2\/types\/page"}],"author":[{"embeddable":true,"href":"https:\/\/mts.polsl.pl\/pl\/index.php?rest_route=\/wp\/v2\/users\/1"}],"replies":[{"embeddable":true,"href":"https:\/\/mts.polsl.pl\/pl\/index.php?rest_route=%2Fwp%2Fv2%2Fcomments&post=2"}],"version-history":[{"count":14,"href":"https:\/\/mts.polsl.pl\/pl\/index.php?rest_route=\/wp\/v2\/pages\/2\/revisions"}],"predecessor-version":[{"id":556,"href":"https:\/\/mts.polsl.pl\/pl\/index.php?rest_route=\/wp\/v2\/pages\/2\/revisions\/556"}],"wp:attachment":[{"href":"https:\/\/mts.polsl.pl\/pl\/index.php?rest_route=%2Fwp%2Fv2%2Fmedia&parent=2"}],"curies":[{"name":"wp","href":"https:\/\/api.w.org\/{rel}","templated":true}]}}